{"id":1377,"date":"2022-03-17T08:00:16","date_gmt":"2022-03-17T08:00:16","guid":{"rendered":"https:\/\/ancoraggiviaferrata.it\/montageanleitungen\/"},"modified":"2026-04-22T16:01:03","modified_gmt":"2026-04-22T16:01:03","slug":"montageanleitungen-nagel-cortina","status":"publish","type":"page","link":"https:\/\/ancoraggiviaferrata.it\/de\/montageanleitungen-nagel-cortina\/","title":{"rendered":"Montageanleitungen Nagel Cortina"},"content":{"rendered":"\r\n<h1>\r\n\t\t\tMontageanleitung Nagel Cortina\t<\/h1>\r\n\t<h2>\r\n\t\t\t\tAufbau- und Gebrauchsanweisung\r\n\t\t\t<\/h2>\r\n\t\t\t<p>Die <strong><a href=\"https:\/\/ancoraggiviaferrata.it\/de\/katalog\/\">&#8222;Cortina-Nagel&#8220; <\/a><\/strong>m\u00fcssen in die St\u00fctze eingesetzt werden, je nachdem, wie viel der hervorstehende Teil sein soll und im Verh\u00e4ltnis zur Konsistenz des Gesteins selbst (l\u00e4nger bei br\u00fcchigem Gestein).<br \/>In unseren Tests wurden alle Pr\u00fcfungen mit einer Einlage von 150 mm in kompaktem Untergrund bestanden.<br \/>Wenn das Ger\u00e4t als Anschlagpunkt am Abschnittsende (oder Anfang\/Ende des Abschnitts) verwendet wird, muss es in Verbindung mit einer <strong>&#8222;Ampezzo-Platte&#8220;<\/strong>\u00a0eingesetzt werden, die f\u00fcr die Aufnahme von drei Drahtseilklemmen mit U-Bolzen vorbereitet ist, und der freiliegende Teil darf max. 70 mm betragen.<br \/>F\u00fcr die Harztests haben wir den chemischen Verbundanker FISCHER FIP C 700 HP mit einem 24 mm Loch verwendet.Das Ger\u00e4t kann an Metallseile mit einem Durchmesser zwischen 12 und 13 mm gekoppelt werden.Es k\u00f6nnen verzinkte Stahlklemmen f\u00fcr 12-13 mm Seile und Edelstahlklemmen f\u00fcr 12 mm Seile verwendet werden.In unseren Tests haben wir verzinkte Eisenklemmen mit einem Anzugsdrehmoment von 20 Nm verwendet.<\/p>\t\r\n\t\t<h3>Anker \u201eCortina&#8220; f\u00fcr Kompaktgestein &#8211; mechanische Montage:<\/h3><h4>D. 20x 330\/400 mm<\/h4>\t\t\t\r\n\t\t\t\t<ol>\r\n<li>\r\n<p><strong>Bohren<\/strong>\u00a0Sie mit einem 20-mm-Bohrer auf eine geeignete Tiefe.<\/p>\r\n<\/li>\r\n<li>\r\n<p><strong>Reinigen<\/strong>\u00a0Sie das Loch sorgf\u00e4ltig mit einer B\u00fcrste und einem Luftstrahl.<\/p>\r\n<\/li>\r\n<li>\r\n<p><strong>F\u00fchren<\/strong>\u00a0Sie den Nagel in das Loch ein und achten Sie darauf, den Auflageteil der Klemme(n) in Bezug auf das zu montierende Seil auszurichten. Kleine Korrekturen k\u00f6nnen auch w\u00e4hrend der Einschlagphase mit einem Schraubenschl\u00fcssel vorgenommen werden.<\/p>\r\n<\/li>\r\n<li>\r\n<p>Schlagen Sie den Nagel ein und \u00fcberpr\u00fcfen Sie, ob die Montage korrekt ist, indem Sie den aus dem Felsen herausragenden Teil messen (siehe Abschnitt \u201eAusf\u00fchrung des Abschnitts&#8220; und Schema).<\/p>\r\n<\/li>\r\n<\/ol>\r\n\t\t<h3>Anker \u201eCortina&#8220; f\u00fcr Kompaktgestein &#8211; Montage mit chemischem Anker:<\/h3><h4>D. 20x 330\/400 mm<\/h4>\t\t\t\r\n\t\t\t\t<ol>\r\n<li>\r\n<p><strong>Bohren<\/strong>\u00a0Sie mit einem 24-mm-Bohrer auf eine geeignete Tiefe.<\/p>\r\n<\/li>\r\n<li>\r\n<p><strong>Reinigen<\/strong>\u00a0Sie das Loch sorgf\u00e4ltig mit einer B\u00fcrste und einem Luftstrahl.<\/p>\r\n<\/li>\r\n<li>\r\n<p><strong>Injizieren<\/strong>\u00a0Sie den chemischen Verbundanker.<\/p>\r\n<\/li>\r\n<li>\r\n<p><strong>F\u00fchren<\/strong>\u00a0Sie den Nagel in das Loch ein und achten Sie darauf, den Auflageteil der Klemme(n) in Bezug auf das zu montierende Seil auszurichten.<\/p>\r\n<\/li>\r\n<li>\r\n<p><strong>\u00dcberpr\u00fcfen<\/strong>\u00a0Sie, ob die Montage korrekt ist, indem Sie den aus dem Felsen herausragenden Teil messen.<\/p>\r\n<\/li>\r\n<li>\r\n<p><strong>Aush\u00e4rtezeit abwarten<\/strong>\u00a0gem\u00e4\u00df dem technischen Datenblatt des verwendeten Verbundankers.<\/p>\r\n<\/li>\r\n<\/ol>\r\n<h3>\r\n\t\t\tAusf\u00fchrung des Abschnitts\t<\/h3>\r\n\t<p>Bei der Ausf\u00fchrung jedes Seilabschnitts muss an jedem Ende ein Kopfanker (oder Anfangs-\/Endanker) mit einem freiliegenden Teil von max. 70 mm eingesetzt werden, der mit einer \u201eAmpezzo-Platte&#8220; gekoppelt ist, die f\u00fcr die Aufnahme von drei Drahtseilklemmen vorbereitet ist. Wir empfehlen, in einem Abstand von ca. 1 Meter einen Verteilungs-\/St\u00fctzanker mit einem freiliegenden Teil von max. 150 mm vorauszusetzen oder folgen zu lassen, wie in den SAFERALPS-Richtlinien hervorgehoben, an denen wir teilgenommen haben, und anschlie\u00dfend die weiteren Anker in einem maximalen Abstand von 6 Metern f\u00fcr horizontale Abschnitte und 3 Metern f\u00fcr vertikale Abschnitte gem\u00e4\u00df der Norm\u00a0<strong>EN 16869:2017 + AC:2018 &#8211; \u201eGestaltung und Bau von Klettersteigen&#8220;<\/strong>.<\/p>\r\n<p>Der optimale Abstand des Seils vom Felsen liegt zwischen 8 und 10 cm, damit die Hand ungehindert hindurchgef\u00fchrt werden kann (z. B. ist in diesem Fall der 20&#215;400-Anker f\u00fcr 280-300 mm eingef\u00fchrt und f\u00fcr 100-120 mm freigelegt). Au\u00dferdem gilt: je weniger der freiliegende Teil herausragt, desto weniger sind der Anker und die St\u00fctze belastet &#8211; nicht nur durch den Verkehr der Benutzer, sondern auch durch die Umweltbedingungen wie Schnee, Eis usw.<\/p>\r\n<p>In besonderen Situationen, in denen es notwendig ist, den freiliegenden Teil zu versteifen (z. B. bei sehr weit herausragendem Anker), kann dieser mit einem Verst\u00e4rkungswinkel erg\u00e4nzt werden.<\/p>\r\n<p>Bei unseren Zertifizierungstests wurde die Vorspannung des Seils manuell von 3 Bedienern (f\u00fcr einen 8 Meter langen Abschnitt) durchgef\u00fchrt, bevor die Muttern der Klemmen mit einem Anzugsdrehmoment von 20 Nm angezogen wurden.<\/p>\r\n<figure itemscope itemtype=\"https:\/\/schema.org\/ImageObject\">\r\n\t\t\t\t<img decoding=\"async\" src=\"https:\/\/ancoraggiviaferrata.it\/wp-content\/uploads\/2022\/03\/schema-tratta-linea-via-ferrata.png\" alt=\"schema-tratta-linea-via-ferrata\" height=\"872\" width=\"1792\" title=\"schema-tratta-linea-via-ferrata\" onerror=\"this.style.display='none'\" loading=\"lazy\" \/>\r\n\t<\/figure>\r\n\r\n","protected":false},"excerpt":{"rendered":"<p>Montageanleitung Nagel Cortina Aufbau- und Gebrauchsanweisung Die &#8222;Cortina-Nagel&#8220; m\u00fcssen in die St\u00fctze eingesetzt werden, je nachdem, wie viel der hervorstehende Teil sein soll und im Verh\u00e4ltnis zur Konsistenz des Gesteins selbst (l\u00e4nger bei br\u00fcchigem Gestein).In unseren Tests wurden alle Pr\u00fcfungen mit einer Einlage von 150 mm in kompaktem Untergrund bestanden.Wenn das Ger\u00e4t als Anschlagpunkt am [&hellip;]<\/p>\n","protected":false},"author":1,"featured_media":0,"parent":0,"menu_order":0,"comment_status":"closed","ping_status":"closed","template":"","meta":{"site-sidebar-layout":"no-sidebar","site-content-layout":"page-builder","ast-site-content-layout":"default","site-content-style":"default","site-sidebar-style":"default","ast-global-header-display":"","ast-banner-title-visibility":"","ast-main-header-display":"","ast-hfb-above-header-display":"","ast-hfb-below-header-display":"","ast-hfb-mobile-header-display":"","site-post-title":"disabled","ast-breadcrumbs-content":"","ast-featured-img":"disabled","footer-sml-layout":"","ast-disable-related-posts":"","theme-transparent-header-meta":"enabled","adv-header-id-meta":"","stick-header-meta":"default","header-above-stick-meta":"","header-main-stick-meta":"","header-below-stick-meta":"","astra-migrate-meta-layouts":"set","ast-page-background-enabled":"default","ast-page-background-meta":{"desktop":{"background-color":"","background-image":"","background-repeat":"repeat","background-position":"center center","background-size":"auto","background-attachment":"scroll","background-type":"","background-media":"","overlay-type":"","overlay-color":"","overlay-opacity":"","overlay-gradient":""},"tablet":{"background-color":"","background-image":"","background-repeat":"repeat","background-position":"center center","background-size":"auto","background-attachment":"scroll","background-type":"","background-media":"","overlay-type":"","overlay-color":"","overlay-opacity":"","overlay-gradient":""},"mobile":{"background-color":"","background-image":"","background-repeat":"repeat","background-position":"center center","background-size":"auto","background-attachment":"scroll","background-type":"","background-media":"","overlay-type":"","overlay-color":"","overlay-opacity":"","overlay-gradient":""}},"ast-content-background-meta":{"desktop":{"background-color":"var(--ast-global-color-5)","background-image":"","background-repeat":"repeat","background-position":"center center","background-size":"auto","background-attachment":"scroll","background-type":"","background-media":"","overlay-type":"","overlay-color":"","overlay-opacity":"","overlay-gradient":""},"tablet":{"background-color":"var(--ast-global-color-5)","background-image":"","background-repeat":"repeat","background-position":"center center","background-size":"auto","background-attachment":"scroll","background-type":"","background-media":"","overlay-type":"","overlay-color":"","overlay-opacity":"","overlay-gradient":""},"mobile":{"background-color":"var(--ast-global-color-5)","background-image":"","background-repeat":"repeat","background-position":"center center","background-size":"auto","background-attachment":"scroll","background-type":"","background-media":"","overlay-type":"","overlay-color":"","overlay-opacity":"","overlay-gradient":""}},"footnotes":""},"class_list":["post-1377","page","type-page","status-publish","hentry"],"yoast_head":"<!-- This site is optimized with the Yoast SEO plugin v28.2 - https:\/\/yoast.com\/product\/yoast-seo-wordpress\/ -->\n<title>Montageanleitungen Nagel Cortina - Ancoraggi Via Ferrata<\/title>\n<meta name=\"robots\" content=\"index, follow, max-snippet:-1, max-image-preview:large, max-video-preview:-1\" \/>\n<link rel=\"canonical\" href=\"https:\/\/ancoraggiviaferrata.it\/de\/montageanleitungen-nagel-cortina\/\" \/>\n<meta property=\"og:locale\" content=\"de_DE\" \/>\n<meta property=\"og:type\" content=\"article\" \/>\n<meta property=\"og:title\" content=\"Montageanleitungen Nagel Cortina - Ancoraggi Via Ferrata\" \/>\n<meta property=\"og:description\" content=\"Montageanleitung Nagel Cortina Aufbau- und Gebrauchsanweisung Die &#8222;Cortina-Nagel&#8220; m\u00fcssen in die St\u00fctze eingesetzt werden, je nachdem, wie viel der hervorstehende Teil sein soll und im Verh\u00e4ltnis zur Konsistenz des Gesteins selbst (l\u00e4nger bei br\u00fcchigem Gestein).In unseren Tests wurden alle Pr\u00fcfungen mit einer Einlage von 150 mm in kompaktem Untergrund bestanden.Wenn das Ger\u00e4t als Anschlagpunkt am [&hellip;]\" \/>\n<meta property=\"og:url\" content=\"https:\/\/ancoraggiviaferrata.it\/de\/montageanleitungen-nagel-cortina\/\" \/>\n<meta property=\"og:site_name\" content=\"Ancoraggi Via Ferrata\" \/>\n<meta property=\"article:modified_time\" content=\"2026-04-22T16:01:03+00:00\" \/>\n<meta property=\"og:image\" content=\"https:\/\/ancoraggiviaferrata.it\/wp-content\/uploads\/2022\/03\/schema-tratta-linea-via-ferrata.png\" \/>\n<meta name=\"twitter:card\" content=\"summary_large_image\" \/>\n<meta name=\"twitter:label1\" content=\"Gesch\u00e4tzte Lesezeit\" \/>\n\t<meta name=\"twitter:data1\" content=\"7\u00a0Minuten\" \/>\n<script type=\"application\/ld+json\" class=\"yoast-schema-graph\">{\"@context\":\"https:\\\/\\\/schema.org\",\"@graph\":[{\"@type\":\"WebPage\",\"@id\":\"https:\\\/\\\/ancoraggiviaferrata.it\\\/de\\\/montageanleitungen-nagel-cortina\\\/\",\"url\":\"https:\\\/\\\/ancoraggiviaferrata.it\\\/de\\\/montageanleitungen-nagel-cortina\\\/\",\"name\":\"Montageanleitungen Nagel Cortina - Ancoraggi Via Ferrata\",\"isPartOf\":{\"@id\":\"https:\\\/\\\/ancoraggiviaferrata.it\\\/de\\\/#website\"},\"primaryImageOfPage\":{\"@id\":\"https:\\\/\\\/ancoraggiviaferrata.it\\\/de\\\/montageanleitungen-nagel-cortina\\\/#primaryimage\"},\"image\":{\"@id\":\"https:\\\/\\\/ancoraggiviaferrata.it\\\/de\\\/montageanleitungen-nagel-cortina\\\/#primaryimage\"},\"thumbnailUrl\":\"https:\\\/\\\/ancoraggiviaferrata.it\\\/wp-content\\\/uploads\\\/2022\\\/03\\\/schema-tratta-linea-via-ferrata.png\",\"datePublished\":\"2022-03-17T08:00:16+00:00\",\"dateModified\":\"2026-04-22T16:01:03+00:00\",\"breadcrumb\":{\"@id\":\"https:\\\/\\\/ancoraggiviaferrata.it\\\/de\\\/montageanleitungen-nagel-cortina\\\/#breadcrumb\"},\"inLanguage\":\"de\",\"potentialAction\":[{\"@type\":\"ReadAction\",\"target\":[\"https:\\\/\\\/ancoraggiviaferrata.it\\\/de\\\/montageanleitungen-nagel-cortina\\\/\"]}]},{\"@type\":\"ImageObject\",\"inLanguage\":\"de\",\"@id\":\"https:\\\/\\\/ancoraggiviaferrata.it\\\/de\\\/montageanleitungen-nagel-cortina\\\/#primaryimage\",\"url\":\"https:\\\/\\\/ancoraggiviaferrata.it\\\/wp-content\\\/uploads\\\/2022\\\/03\\\/schema-tratta-linea-via-ferrata.png\",\"contentUrl\":\"https:\\\/\\\/ancoraggiviaferrata.it\\\/wp-content\\\/uploads\\\/2022\\\/03\\\/schema-tratta-linea-via-ferrata.png\"},{\"@type\":\"BreadcrumbList\",\"@id\":\"https:\\\/\\\/ancoraggiviaferrata.it\\\/de\\\/montageanleitungen-nagel-cortina\\\/#breadcrumb\",\"itemListElement\":[{\"@type\":\"ListItem\",\"position\":1,\"name\":\"Home\",\"item\":\"https:\\\/\\\/ancoraggiviaferrata.it\\\/de\\\/\"},{\"@type\":\"ListItem\",\"position\":2,\"name\":\"Montageanleitungen Nagel Cortina\"}]},{\"@type\":\"WebSite\",\"@id\":\"https:\\\/\\\/ancoraggiviaferrata.it\\\/de\\\/#website\",\"url\":\"https:\\\/\\\/ancoraggiviaferrata.it\\\/de\\\/\",\"name\":\"Ancoraggi Via Ferrata\",\"description\":\"Produzione ancoraggi per Via Ferrata\",\"publisher\":{\"@id\":\"https:\\\/\\\/ancoraggiviaferrata.it\\\/de\\\/#organization\"},\"potentialAction\":[{\"@type\":\"SearchAction\",\"target\":{\"@type\":\"EntryPoint\",\"urlTemplate\":\"https:\\\/\\\/ancoraggiviaferrata.it\\\/de\\\/?s={search_term_string}\"},\"query-input\":{\"@type\":\"PropertyValueSpecification\",\"valueRequired\":true,\"valueName\":\"search_term_string\"}}],\"inLanguage\":\"de\"},{\"@type\":\"Organization\",\"@id\":\"https:\\\/\\\/ancoraggiviaferrata.it\\\/de\\\/#organization\",\"name\":\"Fabbro Poloto\",\"url\":\"https:\\\/\\\/ancoraggiviaferrata.it\\\/de\\\/\",\"logo\":{\"@type\":\"ImageObject\",\"inLanguage\":\"de\",\"@id\":\"https:\\\/\\\/ancoraggiviaferrata.it\\\/de\\\/#\\\/schema\\\/logo\\\/image\\\/\",\"url\":\"https:\\\/\\\/ancoraggiviaferrata.it\\\/wp-content\\\/uploads\\\/2022\\\/03\\\/fabbro-poloto-ancoraggi-vie-ferrate-cortina.png\",\"contentUrl\":\"https:\\\/\\\/ancoraggiviaferrata.it\\\/wp-content\\\/uploads\\\/2022\\\/03\\\/fabbro-poloto-ancoraggi-vie-ferrate-cortina.png\",\"width\":600,\"height\":400,\"caption\":\"Fabbro Poloto\"},\"image\":{\"@id\":\"https:\\\/\\\/ancoraggiviaferrata.it\\\/de\\\/#\\\/schema\\\/logo\\\/image\\\/\"}}]}<\/script>\n<!-- \/ Yoast SEO plugin. -->","yoast_head_json":{"title":"Montageanleitungen Nagel Cortina - Ancoraggi Via Ferrata","robots":{"index":"index","follow":"follow","max-snippet":"max-snippet:-1","max-image-preview":"max-image-preview:large","max-video-preview":"max-video-preview:-1"},"canonical":"https:\/\/ancoraggiviaferrata.it\/de\/montageanleitungen-nagel-cortina\/","og_locale":"de_DE","og_type":"article","og_title":"Montageanleitungen Nagel Cortina - Ancoraggi Via Ferrata","og_description":"Montageanleitung Nagel Cortina Aufbau- und Gebrauchsanweisung Die &#8222;Cortina-Nagel&#8220; m\u00fcssen in die St\u00fctze eingesetzt werden, je nachdem, wie viel der hervorstehende Teil sein soll und im Verh\u00e4ltnis zur Konsistenz des Gesteins selbst (l\u00e4nger bei br\u00fcchigem Gestein).In unseren Tests wurden alle Pr\u00fcfungen mit einer Einlage von 150 mm in kompaktem Untergrund bestanden.Wenn das Ger\u00e4t als Anschlagpunkt am [&hellip;]","og_url":"https:\/\/ancoraggiviaferrata.it\/de\/montageanleitungen-nagel-cortina\/","og_site_name":"Ancoraggi Via Ferrata","article_modified_time":"2026-04-22T16:01:03+00:00","og_image":[{"url":"https:\/\/ancoraggiviaferrata.it\/wp-content\/uploads\/2022\/03\/schema-tratta-linea-via-ferrata.png","type":"","width":"","height":""}],"twitter_card":"summary_large_image","twitter_misc":{"Gesch\u00e4tzte Lesezeit":"7\u00a0Minuten"},"schema":{"@context":"https:\/\/schema.org","@graph":[{"@type":"WebPage","@id":"https:\/\/ancoraggiviaferrata.it\/de\/montageanleitungen-nagel-cortina\/","url":"https:\/\/ancoraggiviaferrata.it\/de\/montageanleitungen-nagel-cortina\/","name":"Montageanleitungen Nagel Cortina - Ancoraggi Via Ferrata","isPartOf":{"@id":"https:\/\/ancoraggiviaferrata.it\/de\/#website"},"primaryImageOfPage":{"@id":"https:\/\/ancoraggiviaferrata.it\/de\/montageanleitungen-nagel-cortina\/#primaryimage"},"image":{"@id":"https:\/\/ancoraggiviaferrata.it\/de\/montageanleitungen-nagel-cortina\/#primaryimage"},"thumbnailUrl":"https:\/\/ancoraggiviaferrata.it\/wp-content\/uploads\/2022\/03\/schema-tratta-linea-via-ferrata.png","datePublished":"2022-03-17T08:00:16+00:00","dateModified":"2026-04-22T16:01:03+00:00","breadcrumb":{"@id":"https:\/\/ancoraggiviaferrata.it\/de\/montageanleitungen-nagel-cortina\/#breadcrumb"},"inLanguage":"de","potentialAction":[{"@type":"ReadAction","target":["https:\/\/ancoraggiviaferrata.it\/de\/montageanleitungen-nagel-cortina\/"]}]},{"@type":"ImageObject","inLanguage":"de","@id":"https:\/\/ancoraggiviaferrata.it\/de\/montageanleitungen-nagel-cortina\/#primaryimage","url":"https:\/\/ancoraggiviaferrata.it\/wp-content\/uploads\/2022\/03\/schema-tratta-linea-via-ferrata.png","contentUrl":"https:\/\/ancoraggiviaferrata.it\/wp-content\/uploads\/2022\/03\/schema-tratta-linea-via-ferrata.png"},{"@type":"BreadcrumbList","@id":"https:\/\/ancoraggiviaferrata.it\/de\/montageanleitungen-nagel-cortina\/#breadcrumb","itemListElement":[{"@type":"ListItem","position":1,"name":"Home","item":"https:\/\/ancoraggiviaferrata.it\/de\/"},{"@type":"ListItem","position":2,"name":"Montageanleitungen Nagel Cortina"}]},{"@type":"WebSite","@id":"https:\/\/ancoraggiviaferrata.it\/de\/#website","url":"https:\/\/ancoraggiviaferrata.it\/de\/","name":"Ancoraggi Via Ferrata","description":"Produzione ancoraggi per Via Ferrata","publisher":{"@id":"https:\/\/ancoraggiviaferrata.it\/de\/#organization"},"potentialAction":[{"@type":"SearchAction","target":{"@type":"EntryPoint","urlTemplate":"https:\/\/ancoraggiviaferrata.it\/de\/?s={search_term_string}"},"query-input":{"@type":"PropertyValueSpecification","valueRequired":true,"valueName":"search_term_string"}}],"inLanguage":"de"},{"@type":"Organization","@id":"https:\/\/ancoraggiviaferrata.it\/de\/#organization","name":"Fabbro Poloto","url":"https:\/\/ancoraggiviaferrata.it\/de\/","logo":{"@type":"ImageObject","inLanguage":"de","@id":"https:\/\/ancoraggiviaferrata.it\/de\/#\/schema\/logo\/image\/","url":"https:\/\/ancoraggiviaferrata.it\/wp-content\/uploads\/2022\/03\/fabbro-poloto-ancoraggi-vie-ferrate-cortina.png","contentUrl":"https:\/\/ancoraggiviaferrata.it\/wp-content\/uploads\/2022\/03\/fabbro-poloto-ancoraggi-vie-ferrate-cortina.png","width":600,"height":400,"caption":"Fabbro Poloto"},"image":{"@id":"https:\/\/ancoraggiviaferrata.it\/de\/#\/schema\/logo\/image\/"}}]}},"_links":{"self":[{"href":"https:\/\/ancoraggiviaferrata.it\/de\/wp-json\/wp\/v2\/pages\/1377","targetHints":{"allow":["GET"]}}],"collection":[{"href":"https:\/\/ancoraggiviaferrata.it\/de\/wp-json\/wp\/v2\/pages"}],"about":[{"href":"https:\/\/ancoraggiviaferrata.it\/de\/wp-json\/wp\/v2\/types\/page"}],"author":[{"embeddable":true,"href":"https:\/\/ancoraggiviaferrata.it\/de\/wp-json\/wp\/v2\/users\/1"}],"replies":[{"embeddable":true,"href":"https:\/\/ancoraggiviaferrata.it\/de\/wp-json\/wp\/v2\/comments?post=1377"}],"version-history":[{"count":3,"href":"https:\/\/ancoraggiviaferrata.it\/de\/wp-json\/wp\/v2\/pages\/1377\/revisions"}],"predecessor-version":[{"id":1549,"href":"https:\/\/ancoraggiviaferrata.it\/de\/wp-json\/wp\/v2\/pages\/1377\/revisions\/1549"}],"wp:attachment":[{"href":"https:\/\/ancoraggiviaferrata.it\/de\/wp-json\/wp\/v2\/media?parent=1377"}],"curies":[{"name":"wp","href":"https:\/\/api.w.org\/{rel}","templated":true}]}}